{"id":1905,"date":"2024-11-17T14:44:20","date_gmt":"2024-11-17T13:44:20","guid":{"rendered":"https:\/\/jaskobus.sk\/?post_type=tribe_events&#038;p=1905"},"modified":"2025-01-16T10:38:43","modified_gmt":"2025-01-16T09:38:43","slug":"zakladny-kurz-skaneho-lezenia-kalamarka","status":"publish","type":"tribe_events","link":"https:\/\/jaskobus.sk\/?tribe_events=zakladny-kurz-skaneho-lezenia-kalamarka","title":{"rendered":"Z\u00e1kladn\u00fd kurz skan\u00e9ho lezenia &#8211; Kalam\u00e1rka"},"content":{"rendered":"<div  class=\"tribe-events-schedule tribe-clearfix\" >\n\t<h2 class=\"tribe-events-schedule__datetime\">\n\t\t<span class=\"tribe-events-schedule__date tribe-events-schedule__date--start\">\n\t\t\t30\/05\/2025\t\t<\/span>\n\n\t\t\t\t\t<span class=\"tribe-events-schedule__separator tribe-events-schedule__separator--date\">\n\t\t\t\t @ \t\t\t<\/span>\n\t\t\t<span class=\"tribe-events-schedule__time tribe-events-schedule__time--start\">\n\t\t\t\t13:00\t\t\t<\/span>\n\t\t\n\t\t\t\t\t\t\t\t\t<span class=\"tribe-events-schedule__separator tribe-events-schedule__separator--time\">\n\t\t\t\t\t &#8211; \t\t\t\t<\/span>\n\t\t\t\n\t\t\t\t\t\t\t<span class=\"tribe-events-schedule__date tribe-events-schedule__date--end\">\n\t\t\t\t\t01\/06\/2025\t\t\t\t<\/span>\n\n\t\t\t\t\t\t\t\t\t<span class=\"tribe-events-schedule__separator tribe-events-schedule__separator--date\">\n\t\t\t\t\t\t @ \t\t\t\t\t<\/span>\n\t\t\t\t\t<span class=\"tribe-events-schedule__time tribe-events-schedule__time--end\">\n\t\t\t\t\t\t16:00\t\t\t\t\t<\/span>\n\t\t\t\t\n\t\t\t\n\t\t\t\t\t\t<\/h2>\n<\/div>\n\n\n\n<h1 class=\"wp-block-heading\">Z\u00e1kladn\u00fd kurz skaln\u00e9ho lezenia &#8211; Kalam\u00e1rka<\/h1>\n\n\n\n<h2 class=\"wp-block-heading\">30\/05\/2025 @ 12:30 \u2013 01\/06\/2025 @ 16:00<\/h2>\n\n\n\n<h4 class=\"wp-block-heading\"><strong>Cena za kurz v roku 2025:<\/strong><\/h4>\n\n\n\n<ul>\n<li>* <strong><em>143 \u20ac<\/em><\/strong> \u2013 okolie Bratislavy;<\/li>\n\n\n\n<li><strong><em>* 173 \u20ac<\/em><\/strong> \u2013 Kalam\u00e1rka pri Detve (<strong>plus 35<\/strong> \u20ac ubytovanie);<\/li>\n\n\n\n<li>prihlasovanie \u2013 ni\u017e\u0161ie;<\/li>\n\n\n\n<li>v cene s\u00fa zahrnut\u00e9 n\u00e1klady na in\u0161truktora a ch\u00fdbaj\u00faci lezeck\u00fd materi\u00e1l;<\/li>\n\n\n\n<li><strong><a href=\"https:\/\/coloursofclimbing.sk\/obchodne-podmienky\/\" target=\"_blank\" rel=\"noreferrer noopener\">Obchodn\u00e9 podmienky<\/a><\/strong><\/li>\n\n\n\n<li><strong><a href=\"https:\/\/coloursofclimbing.sk\/zasady-ochrany-osobnych-udajov\/\" target=\"_blank\" rel=\"noreferrer noopener\">Z\u00e1sady ochrany osobn\u00fdch \u00fadajov<\/a><\/strong><\/li>\n<\/ul>\n\n\n\n<h4 class=\"wp-block-heading\"><strong>Kde:<\/strong><\/h4>\n\n\n\n<ul>\n<li>skaln\u00e9 ter\u00e9ny v okol\u00ed Bratislavy;\n<ul>\n<li>stret\u00e1va\u0165 sa budeme ka\u017ed\u00fd de\u0148 v dohodnut\u00fd \u010das na danej skale v okol\u00ed Bratislavy \u2013 <em>v pr\u00edpade z\u00e1ujmu zabezpe\u010d\u00edme transport autom (po ceste z Lama\u010da<\/em>);<\/li>\n<\/ul>\n<\/li>\n\n\n\n<li>skaln\u00e9 ter\u00e9ny Kalam\u00e1rka pri Detve;\n<ul>\n<li>zabezpe\u010den\u00e9 ubytovanie (cca 35 \u20ac \u2013 plat\u00ed sa na mieste);<\/li>\n<\/ul>\n<\/li>\n<\/ul>\n\n\n\n<h4 class=\"wp-block-heading\"><strong>Kontakt, prihl\u00e1senie na kurz:<\/strong><\/h4>\n\n\n\n<ul>\n<li>ide\u00e1lne cez <strong><a rel=\"noreferrer noopener\" href=\"https:\/\/forms.gle\/k6SHi89yxtbEp1uK9\" target=\"_blank\">formul\u00e1r<\/a><\/strong> (ni\u017e\u0161ie alebo klikni na odkaz);<\/li>\n\n\n\n<li>mailom:&nbsp;<em><strong>i<em>gi<\/em>@coloursofclimbing.sk<\/strong><\/em>&nbsp;(Igor Marks, tel.: +421 907 579 444);<\/li>\n\n\n\n<li>alebo cez&nbsp;<strong><a rel=\"noreferrer noopener\" href=\"https:\/\/www.facebook.com\/jaskobus\/?eid=ARBkKpg4XCc6y6WVaG1ymlj4e6KOpDUmpebGo25tymODmqinyp7iNb5uwUmCaZ4cyAo9qTqid8JxuLC3\" target=\"_blank\">Facebook Colours Of Climbing<\/a><\/strong><\/li>\n<\/ul>\n\n\n\n<h4 class=\"wp-block-heading\"><strong>Ciele kurzu:<\/strong><\/h4>\n\n\n\n<ul>\n<li><strong><em>po kurze bude frekventant vedie\u0165 najm\u00e4:<\/em><\/strong>\n<ul>\n<li>spr\u00e1vne sa naviaza\u0165;<\/li>\n\n\n\n<li>vyliez\u0165 na prvom konci cestu ob\u0165a\u017enosti 4-5 (UIAA);<\/li>\n\n\n\n<li>spr\u00e1vne a bezpe\u010dne pou\u017e\u00edva\u0165 lezeck\u00fd materi\u00e1l;<\/li>\n\n\n\n<li>previaza\u0165 sa na \u0161tande;<\/li>\n\n\n\n<li>bezpe\u010dne zlani\u0165;<\/li>\n\n\n\n<li>odisti\u0165 prvolezca, aj lezca na top rope, s dodr\u017ean\u00edm z\u00e1sad bezpe\u010dn\u00e9ho istenia;<\/li>\n<\/ul>\n<\/li>\n\n\n\n<li>kurz je nastaven\u00fd tak, aby \u00fa\u010dastn\u00edk po\u010das posledn\u00e9ho d\u0148a kurzu realizoval <strong>samostatne<\/strong> a <strong>bezpe\u010dne<\/strong> z\u00e1kladn\u00e9 lezeck\u00e9 \u010dinnosti pod\u013ea obsahovej n\u00e1plne kurzu a osvojil si t\u00fato zru\u010dnos\u0165 do bud\u00facnosti;<\/li>\n\n\n\n<li>kurz je prioritne zameran\u00fd na&nbsp;<strong>bezpe\u010dnos\u0165 pri lezen\u00ed<\/strong>&nbsp;a na&nbsp;<strong>osvojenie si vhodn\u00fdch metodick\u00fdch zru\u010dnost\u00ed<\/strong>&nbsp;a n\u00e1vykov;<\/li>\n\n\n\n<li>kurz smerujeme k tomu, aby na\u0161i frekventanti v bud\u00facnosti ovl\u00e1dali ve\u013ea vec\u00ed&nbsp;<strong>automaticky<\/strong>, z\u00e1rove\u0148 vedeli&nbsp;<strong>improvizova\u0165<\/strong>&nbsp;a hlavne pri ka\u017edej \u010dinnosti vedeli&nbsp;<strong>samostatne rozm\u00fd\u0161\u013ea\u0165<\/strong>;<\/li>\n\n\n\n<li>na\u0161im cie\u013eom je taktie\u017e, aby ste po kurze aj na\u010falej liezli. A najlep\u0161ie s nami. Z mnoh\u00fdch na\u0161ich kurzistov sa stali na\u0161i ve\u013emi dobr\u00ed dobr\u00ed kamar\u00e1ti a spolulezci. Neform\u00e1lna&nbsp;komunita&nbsp;<strong>Colours of Climbing<\/strong>&nbsp;<strong>&amp;<\/strong> <strong>Jaskobus<\/strong> poskytuje by\u0165&nbsp;<strong>lezecky akt\u00edvny<\/strong> \u2013 radi by sme o\u017eivili d\u00e1vne \u010dasy, kedy \u00faplne prirodzene star\u0161\u00ed a sk\u00fasenej\u0161\u00ed lezci priamo na skal\u00e1ch v neform\u00e1lnej rovine odovzd\u00e1vali svoje sk\u00fasenosti t\u00fdm menej sk\u00fasen\u00fdm;<\/li>\n<\/ul>\n\n\n\n<h4 class=\"wp-block-heading\"><strong>Obsah a charakteristika kurzu:<\/strong><\/h4>\n\n\n\n<ul>\n<li>kurz je ur\u010den\u00fd pre za\u010d\u00ednaj\u00facich lezcov (na skale), pr\u00edp. pre \u013eud\u00ed s minim\u00e1lnymi sk\u00fasenos\u0165ami s pohybom v skalnom ter\u00e9ne a pre ka\u017ed\u00e9ho, kto sa chce v bud\u00facnosti pohybova\u0165 bezpe\u010dne na skal\u00e1ch;<\/li>\n\n\n\n<li>metodick\u00fd kurz;<\/li>\n\n\n\n<li><strong>obsah kurzu:<\/strong>\n<ul>\n<li>z\u00e1kladn\u00e9 uzly, spr\u00e1vne naviazanie sa na lano;<\/li>\n\n\n\n<li>istenie druholezca a istenie prvolezca;<\/li>\n\n\n\n<li>lezenie \u201etop rope\u201c, lezenie na \u201eprvom konci lana\u201c, zostrojenie vratn\u00e9ho bodu pre lezenie \u201etop rope\u201c;<\/li>\n\n\n\n<li>vedenie lana v postupovom isten\u00ed;<\/li>\n\n\n\n<li>previazanie lezca v zla\u0148ovacom stanovisku, resp. v postupovom isten\u00ed;<\/li>\n\n\n\n<li>zla\u0148ovanie,<\/li>\n\n\n\n<li>z\u00e1klady lezeck\u00e9ho pohybu<\/li>\n\n\n\n<li>predn\u00e1\u0161ky: o lezeckom materi\u00e1li, rozdelenie lezenia, z\u00e1kladn\u00e9 pravidl\u00e1 lezenia vr\u00e1tane stupnice ob\u0165a\u017enosti, z\u00e1klady&nbsp;lezeckej fyziky\u2026<\/li>\n\n\n\n<li>\u2026<\/li>\n<\/ul>\n<\/li>\n\n\n\n<li>sk\u00fasenosti s lezen\u00edm na umelej stene s\u00fa v\u00fdhodou, nie v\u0161ak podmienkou;<\/li>\n\n\n\n<li>min. vek: 18 rokov<\/li>\n<\/ul>\n\n\n\n<h4 class=\"wp-block-heading\"><strong>Program:<\/strong><\/h4>\n\n\n\n<ul>\n<li>tri pln\u00e9 dni na skal\u00e1ch:\n<ul>\n<li><em>s individu\u00e1lnym pr\u00edstupom<\/em>;<\/li>\n\n\n\n<li>s <em>\u010do najv\u00e4\u010d\u0161ou aktivitou u kurzistov;<\/em><\/li>\n\n\n\n<li>s<em> \u010do najv\u00e4\u010d\u0161\u00edm prepojen\u00edm te\u00f3rie a praxe a na\u0161imi sk\u00fasenos\u0165ami<\/em>;<\/li>\n<\/ul>\n<\/li>\n<\/ul>\n\n\n\n<h4 class=\"wp-block-heading\"><strong>Potrebn\u00e9 vybavenie:<\/strong><\/h4>\n\n\n\n<ul>\n<li>vlastn\u00fd sedac\u00ed \u00fav\u00e4z, vlastn\u00e1 lezeck\u00e1 obuv, vlastn\u00e1 istiaca pom\u00f4cka (ist\u00edtko) vhodn\u00e1 aj na zla\u0148ovanie, ako aj primeran\u00e9 oble\u010denie zodpovedaj\u00face danej aktivite a po\u010dasiu;<\/li>\n\n\n\n<li>ide\u00e1lne je ma\u0165 aj vlastn\u00fa prilbu, 1-2 slu\u010dky, 1-2 karab\u00edny, rep\u0161n\u00faru\u2026 \u2013 pod\u013ea dohody;<\/li>\n\n\n\n<li>ostatn\u00fd materi\u00e1l potrebn\u00fd k lezeniu bude k dispoz\u00edcii;<\/li>\n\n\n\n<li>ostatn\u00e9 zapo\u017ei\u010diame, ak by ste mali svoje, vysvetl\u00edme v\u00e1m pr\u00edpadn\u00e9 v\u00fdhody\/nev\u00fdhody, nau\u010d\u00edme v\u00e1s bezpe\u010dne pracova\u0165 s va\u0161im lezeck\u00fdm materi\u00e1lom;<\/li>\n\n\n\n<li>odpor\u00fa\u010dame: preukaz SHS JAMES, resp. by\u0165 \u010dlenom SHS JAMES v aktu\u00e1lnom roku (vieme sprostredkova\u0165 cez HK Filozof BA, alebo sa m\u00f4\u017eete sta\u0165 \u010dlenom SHS JAMES bez klubovej pr\u00edslu\u0161nosti), pr\u00edp. poistenie OAV;<\/li>\n\n\n\n<li>poistenie lie\u010debn\u00fdch n\u00e1kladov, \u00farazov\u00e9 poistenie, poistenie bato\u017einy, pripoistenie zodpovednosti \u2013 nie je zahrnut\u00e9 v cene kurzu;<\/li>\n<\/ul>\n\n\n\n<h4 class=\"wp-block-heading\"><strong>Po\u010det frekventantov, in\u0161truktori:<\/strong><\/h4>\n\n\n\n<ul>\n<li>max. 4 (5) frekventanti na in\u0161truktora;<\/li>\n\n\n\n<li>sledujeme t\u00fdm individu\u00e1lny pr\u00edstup k frekventantom, ke\u010f\u017ee ka\u017ed\u00fd z v\u00e1s pr\u00edde na kurz s ur\u010ditou \u00farov\u0148ou lezeck\u00fdch zru\u010dnost\u00ed a vedomost\u00ed;<\/li>\n\n\n\n<li>kurz bud\u00fa vies\u0165 certifikovan\u00ed in\u0161truktori SHS JAMES \u2013 <strong><em><a rel=\"noreferrer noopener\" href=\"https:\/\/coloursofclimbing.sk\/igi\/\" target=\"_blank\">Igor Marks<\/a><\/em><\/strong> (od 2010), <strong><em><a rel=\"noreferrer noopener\" href=\"https:\/\/coloursofclimbing.sk\/peter-j\/\" target=\"_blank\">Peter Ja\u0161ko<\/a><\/em><\/strong> (od 2015), pr\u00edp in\u00ed certifikovan\u00ed <strong><em>in\u0161truktori s bohatou a aktu\u00e1lnou lezeckou praxou<\/em><\/strong> na skal\u00e1ch;<\/li>\n\n\n\n<li>obaja in\u0161truktori realizovali desiatky kurzov \u2013 individu\u00e1lne kurzy, klubov\u00e9 kurzy, pr\u00edp. v spolupr\u00e1ci so SHS JAMES, na umelej stene, na skal\u00e1ch, ale aj vo Vysok\u00fdch Tatr\u00e1ch;<\/li>\n\n\n\n<li>kurz organizujeme v spolupr\u00e1ci s HK Filozof Bratislava;<\/li>\n<\/ul>\n\n\n\n<h4 class=\"wp-block-heading\"><\/h4>\n\n\n\n<h4 class=\"wp-block-heading\"><strong>\u010eal\u0161ie inform\u00e1cie o \u201eHoro\u0161kole Colours of Climbing &amp; Ja\u0161koBUS\u201c:<\/strong><\/h4>\n\n\n\n<ul>\n<li>o in\u0161truktoroch, o na\u0161om koncepte Horo\u0161koly, \u010fal\u0161\u00edch lezeck\u00fdch kurzoch, o na\u0161ich siln\u00fdch str\u00e1nkach a prednostiach, ale aj pre\u010do absolvova\u0165 lezeck\u00e9 kurzy s nami, si m\u00f4\u017eete pre\u010d\u00edta\u0165 v sekcii \u201e<a rel=\"noreferrer noopener\" href=\"https:\/\/coloursofclimbing.sk\/horoskola\/\" target=\"_blank\"><strong>HORO\u0160KOLA<\/strong><\/a>\u201e<\/li>\n\n\n\n<li>fotoreport o atmosf\u00e9re na na\u0161ich lezeck\u00fdch kurzoch v roku 2020 n\u00e1jde\u0161 <strong><a rel=\"noreferrer noopener\" href=\"https:\/\/coloursofclimbing.sk\/2021\/01\/26\/lezecke-kurzy-2020-fotoreport-kratke-zhrnutie\/\" target=\"_blank\">v tomto \u010dl\u00e1nku<\/a><\/strong>;<\/li>\n\n\n\n<li>PS: in\u00e9 term\u00edny, in\u00e1 lokalita v r\u00e1mci SK \u2013 pod\u013ea dohody a po\u017eiadaviek.<\/li>\n<\/ul>\n\n\n\n<p>Igor Marks<br><em><strong>i<em>gi<\/em>@coloursofclimbing.sk<\/strong><\/em><br><strong><em>tel.: +421 907 579 444<\/em><\/strong><\/p>\n\n\n<div  class=\"tribe-block tribe-block__event-price\" >\n\t\t\t<span class=\"tribe-block__event-price__cost\"> 173\u20ac <\/span>\n\t\t\t\t<span class=\"tribe-block__event-price__description\">V cene nie je zahrnut\u00e9 ubytovanie a strava<\/span>\n\t<\/div>\n\n\n\n\n<div  class=\"tribe-block tribe-block__venue tribe-clearfix\" >\n\t\n\t\t\n\t<\/div>\n\n\n\n\n\t<div  class=\"tribe-block tribe-block__events-link\" >\n\t\t<div class=\"tribe-events tribe-common\">\n\t\t\t<div class=\"tribe-events-c-subscribe-dropdown__container\">\n\t\t\t\t<div class=\"tribe-events-c-subscribe-dropdown\">\n\t\t\t\t\t<div class=\"tribe-common-c-btn-border tribe-events-c-subscribe-dropdown__button\">\n\t\t\t\t\t\t<svg  class=\"tribe-common-c-svgicon tribe-common-c-svgicon--cal-export tribe-events-c-subscribe-dropdown__export-icon\"  viewBox=\"0 0 23 17\" xmlns=\"http:\/\/www.w3.org\/2000\/svg\">\n  <path fill-rule=\"evenodd\" clip-rule=\"evenodd\" d=\"M.128.896V16.13c0 .211.145.383.323.383h15.354c.179 0 .323-.172.323-.383V.896c0-.212-.144-.383-.323-.383H.451C.273.513.128.684.128.896Zm16 6.742h-.901V4.679H1.009v10.729h14.218v-3.336h.901V7.638ZM1.01 1.614h14.218v2.058H1.009V1.614Z\" \/>\n  <path d=\"M20.5 9.846H8.312M18.524 6.953l2.89 2.909-2.855 2.855\" stroke-width=\"1.2\" stroke-linecap=\"round\" stroke-linejoin=\"round\"\/>\n<\/svg>\n\t\t\t\t\t\t<button\n\t\t\t\t\t\t\tclass=\"tribe-events-c-subscribe-dropdown__button-text\"\n\t\t\t\t\t\t\taria-expanded=\"false\"\n\t\t\t\t\t\t\taria-controls=\"tribe-events-subscribe-dropdown-content\"\n\t\t\t\t\t\t\taria-label=\"\"\n\t\t\t\t\t\t>\n\t\t\t\t\t\t\tPrida\u0165 do kalend\u00e1ra\t\t\t\t\t\t<\/button>\n\t\t\t\t\t\t<svg  class=\"tribe-common-c-svgicon tribe-common-c-svgicon--caret-down tribe-events-c-subscribe-dropdown__button-icon\"  viewBox=\"0 0 10 7\" xmlns=\"http:\/\/www.w3.org\/2000\/svg\"><path fill-rule=\"evenodd\" clip-rule=\"evenodd\" d=\"M1.008.609L5 4.6 8.992.61l.958.958L5 6.517.05 1.566l.958-.958z\" class=\"tribe-common-c-svgicon__svg-fill\"\/><\/svg>\n\t\t\t\t\t<\/div>\n\t\t\t\t\t<div id=\"tribe-events-subscribe-dropdown-content\" class=\"tribe-events-c-subscribe-dropdown__content\">\n\t\t\t\t\t\t<ul class=\"tribe-events-c-subscribe-dropdown__list\">\n\t\t\t\t\t\t\t\t\t\t\t\t\t\t\t<li class=\"tribe-events-c-subscribe-dropdown__list-item\">\n\t\t\t\t\t\t\t\t\t<a\n\t\t\t\t\t\t\t\t\t\thref=\"https:\/\/www.google.com\/calendar\/event?action=TEMPLATE&#038;dates=20250530T130000\/20250601T160000&#038;text=Z%C3%A1kladn%C3%BD%20kurz%20skan%C3%A9ho%20lezenia%20%26%238211%3B%20Kalam%C3%A1rka&#038;details=%3C%21--+wp%3Atribe%2Fevent-datetime+%2F--%3E%3C%21--+wp%3Aheading+%7B%22level%22%3A1%7D+--%3E%3Ch1+class%3D%22wp-block-heading%22%3EZ%C3%A1kladn%C3%BD+kurz+skaln%C3%A9ho+lezenia+-+Kalam%C3%A1rka%3C%2Fh1%3E%3C%21--+%2Fwp%3Aheading+--%3E%3C%21--+wp%3Aheading+--%3E%3Ch2+class%3D%22wp-block-heading%22%3E30%2F05%2F2025+%40+12%3A30+%E2%80%93+01%2F06%2F2025+%40+16%3A00%3C%2Fh2%3E%3C%21--+%2Fwp%3Aheading+--%3E%3C%21--+wp%3Aheading+%7B%22level%22%3A4%7D+--%3E%3Ch4+class%3D%22wp-block-heading%22%3E%3Cstrong%3ECena+za+kurz+v+roku+2025%3A%3C%2Fstrong%3E%3C%2Fh4%3E%3C%21--+%2Fwp%3Aheading+--%3E%3C%21--+wp%3Alist+--%3E%3Cul%3E%3C%21--+wp%3Alist-item+--%3E%3Cli%3E%2A+%3Cstrong%3E%3Cem%3E143+%E2%82%AC%3C%2Fem%3E%3C%2Fstrong%3E+%E2%80%93+okolie+Bratislavy%3B%3C%2Fli%3E%3C%21--+%2Fwp%3Alist-item+--%3E%3C%21--+wp%3Alist-item+--%3E%3Cli%3E%3Cstrong%3E%3Cem%3E%2A+173+%E2%82%AC%3C%2Fem%3E%3C%2Fstrong%3E+%E2%80%93+Kalam%C3%A1rka+pri+Detve+%28%3%20(View%20Full%20udalos\u0165%20Description%20Here:%20https:\/\/jaskobus.sk\/?tribe_events=zakladny-kurz-skaneho-lezenia-kalamarka)&#038;trp=false&#038;ctz=UTC+1&#038;sprop=website:https:\/\/jaskobus.sk\"\n\t\t\t\t\t\t\t\t\t\tclass=\"tribe-events-c-subscribe-dropdown__list-item-link\"\n\t\t\t\t\t\t\t\t\t\ttarget=\"_blank\"\n\t\t\t\t\t\t\t\t\t\trel=\"noopener noreferrer nofollow noindex\"\n\t\t\t\t\t\t\t\t\t>\n\t\t\t\t\t\t\t\t\t\tGoogle Calendar\t\t\t\t\t\t\t\t\t<\/a>\n\t\t\t\t\t\t\t\t<\/li>\n\t\t\t\t\t\t\t\t\t\t\t\t\t\t\t<li class=\"tribe-events-c-subscribe-dropdown__list-item\">\n\t\t\t\t\t\t\t\t\t<a\n\t\t\t\t\t\t\t\t\t\thref=\"\"\n\t\t\t\t\t\t\t\t\t\tclass=\"tribe-events-c-subscribe-dropdown__list-item-link\"\n\t\t\t\t\t\t\t\t\t\ttarget=\"_blank\"\n\t\t\t\t\t\t\t\t\t\trel=\"noopener noreferrer nofollow noindex\"\n\t\t\t\t\t\t\t\t\t>\n\t\t\t\t\t\t\t\t\t\tiCalendar\t\t\t\t\t\t\t\t\t<\/a>\n\t\t\t\t\t\t\t\t<\/li>\n\t\t\t\t\t\t\t\t\t\t\t\t\t\t\t<li class=\"tribe-events-c-subscribe-dropdown__list-item\">\n\t\t\t\t\t\t\t\t\t<a\n\t\t\t\t\t\t\t\t\t\thref=\"\"\n\t\t\t\t\t\t\t\t\t\tclass=\"tribe-events-c-subscribe-dropdown__list-item-link\"\n\t\t\t\t\t\t\t\t\t\ttarget=\"_blank\"\n\t\t\t\t\t\t\t\t\t\trel=\"noopener noreferrer nofollow noindex\"\n\t\t\t\t\t\t\t\t\t>\n\t\t\t\t\t\t\t\t\t\tOutlook 365\t\t\t\t\t\t\t\t\t<\/a>\n\t\t\t\t\t\t\t\t<\/li>\n\t\t\t\t\t\t\t\t\t\t\t\t\t\t\t<li class=\"tribe-events-c-subscribe-dropdown__list-item\">\n\t\t\t\t\t\t\t\t\t<a\n\t\t\t\t\t\t\t\t\t\thref=\"\"\n\t\t\t\t\t\t\t\t\t\tclass=\"tribe-events-c-subscribe-dropdown__list-item-link\"\n\t\t\t\t\t\t\t\t\t\ttarget=\"_blank\"\n\t\t\t\t\t\t\t\t\t\trel=\"noopener noreferrer nofollow noindex\"\n\t\t\t\t\t\t\t\t\t>\n\t\t\t\t\t\t\t\t\t\tOutlook Live\t\t\t\t\t\t\t\t\t<\/a>\n\t\t\t\t\t\t\t\t<\/li>\n\t\t\t\t\t\t\t\t\t\t\t\t\t<\/ul>\n\t\t\t\t\t<\/div>\n\t\t\t\t<\/div>\n\t\t\t<\/div>\n\t\t<\/div>\n\t<\/div>\n\n\n\n\n\n","protected":false},"excerpt":{"rendered":"<p>Z\u00e1kladn\u00fd kurz skaln\u00e9ho lezenia &#8211; Kalam\u00e1rka 30\/05\/2025 @ 12:30 \u2013 01\/06\/2025 @ 16:00 Cena za kurz v roku 2025: Kde: Kontakt, prihl\u00e1senie na kurz: Ciele kurzu: Obsah a charakteristika kurzu: Program: Potrebn\u00e9 vybavenie: Po\u010det frekventantov, in\u0161truktori: \u010eal\u0161ie inform\u00e1cie o \u201eHoro\u0161kole &hellip; <a href=\"https:\/\/jaskobus.sk\/?tribe_events=zakladny-kurz-skaneho-lezenia-kalamarka\">Continued<\/a><\/p>\n","protected":false},"author":2,"featured_media":1888,"comment_status":"open","ping_status":"closed","template":"","meta":{"kt_blocks_editor_width":"","_price":"","_stock":"","_tribe_ticket_header":"","_tribe_default_ticket_provider":"","_tribe_ticket_capacity":"","_ticket_start_date":"","_ticket_end_date":"","_tribe_ticket_show_description":"","_tribe_ticket_show_not_going":false,"_tribe_ticket_use_global_stock":"","_tribe_ticket_global_stock_level":"","_global_stock_mode":"","_global_stock_cap":"","_tribe_rsvp_for_event":"","_tribe_ticket_going_count":"","_tribe_ticket_not_going_count":"","_tribe_tickets_list":[],"_tribe_ticket_has_attendee_info_fields":false,"_EventAllDay":false,"_EventTimezone":"UTC+1","_EventStartDate":"2025-05-30 13:00:00","_EventEndDate":"2025-06-01 16:00:00","_EventStartDateUTC":"2025-05-30 11:00:00","_EventEndDateUTC":"2025-06-01 14:00:00","_EventShowMap":false,"_EventShowMapLink":false,"_EventURL":"","_EventCost":"173","_EventCostDescription":"","_EventCurrencySymbol":"\u20ac","_EventCurrencyCode":"EUR","_EventCurrencyPosition":"suffix","_EventDateTimeSeparator":" @ ","_EventTimeRangeSeparator":" - ","_EventOrganizerID":[],"_EventVenueID":[],"_OrganizerEmail":"","_OrganizerPhone":"","_OrganizerWebsite":"","_VenueAddress":"","_VenueCity":"","_VenueCountry":"","_VenueProvince":"","_VenueState":"","_VenueZip":"","_VenuePhone":"","_VenueURL":"","_VenueStateProvince":"","_VenueLat":"","_VenueLng":"","_VenueShowMap":false,"_VenueShowMapLink":false,"_tribe_events_status":"","_tribe_events_status_reason":""},"tags":[38,39,52,34,16],"tribe_events_cat":[54],"ticketed":false,"_links":{"self":[{"href":"https:\/\/jaskobus.sk\/index.php?rest_route=\/wp\/v2\/tribe_events\/1905"}],"collection":[{"href":"https:\/\/jaskobus.sk\/index.php?rest_route=\/wp\/v2\/tribe_events"}],"about":[{"href":"https:\/\/jaskobus.sk\/index.php?rest_route=\/wp\/v2\/types\/tribe_events"}],"author":[{"embeddable":true,"href":"https:\/\/jaskobus.sk\/index.php?rest_route=\/wp\/v2\/users\/2"}],"replies":[{"embeddable":true,"href":"https:\/\/jaskobus.sk\/index.php?rest_route=%2Fwp%2Fv2%2Fcomments&post=1905"}],"version-history":[{"count":2,"href":"https:\/\/jaskobus.sk\/index.php?rest_route=\/wp\/v2\/tribe_events\/1905\/revisions"}],"predecessor-version":[{"id":1929,"href":"https:\/\/jaskobus.sk\/index.php?rest_route=\/wp\/v2\/tribe_events\/1905\/revisions\/1929"}],"wp:featuredmedia":[{"embeddable":true,"href":"https:\/\/jaskobus.sk\/index.php?rest_route=\/wp\/v2\/media\/1888"}],"wp:attachment":[{"href":"https:\/\/jaskobus.sk\/index.php?rest_route=%2Fwp%2Fv2%2Fmedia&parent=1905"}],"wp:term":[{"taxonomy":"post_tag","embeddable":true,"href":"https:\/\/jaskobus.sk\/index.php?rest_route=%2Fwp%2Fv2%2Ftags&post=1905"},{"taxonomy":"tribe_events_cat","embeddable":true,"href":"https:\/\/jaskobus.sk\/index.php?rest_route=%2Fwp%2Fv2%2Ftribe_events_cat&post=1905"}],"curies":[{"name":"wp","href":"https:\/\/api.w.org\/{rel}","templated":true}]}}