{"id":1811,"date":"2023-07-04T09:12:59","date_gmt":"2023-07-04T08:12:59","guid":{"rendered":"https:\/\/jaskobus.sk\/?post_type=tribe_events&#038;p=1811"},"modified":"2023-07-04T09:22:25","modified_gmt":"2023-07-04T08:22:25","slug":"ferrata-hans-von-haig-steig","status":"publish","type":"tribe_events","link":"https:\/\/jaskobus.sk\/?tribe_events=ferrata-hans-von-haig-steig","title":{"rendered":"FERRATA &#8211; Hans von Haig Steig"},"content":{"rendered":"<div  class=\"tribe-events-schedule tribe-clearfix\" >\n\t<h2 class=\"tribe-events-schedule__datetime\">\n\t\t<span class=\"tribe-events-schedule__date tribe-events-schedule__date--start\">\n\t\t\t17\/08\/2023\t\t<\/span>\n\n\t\t\t\t\t<span class=\"tribe-events-schedule__separator tribe-events-schedule__separator--date\">\n\t\t\t\t @ \t\t\t<\/span>\n\t\t\t<span class=\"tribe-events-schedule__time tribe-events-schedule__time--start\">\n\t\t\t\t07:00\t\t\t<\/span>\n\t\t\n\t\t\t\t\t\t\t\t\t<span class=\"tribe-events-schedule__separator tribe-events-schedule__separator--time\">\n\t\t\t\t\t &#8211; \t\t\t\t<\/span>\n\t\t\t\n\t\t\t\t\t\t\t<span class=\"tribe-events-schedule__time tribe-events-schedule__time--end\">\n\t\t\t\t\t17:00\t\t\t\t<\/span>\n\t\t\t\n\t\t\t\t\t\t<\/h2>\n<\/div>\n\n\n\n<h4 class=\"wp-block-heading\"><strong>O akcii a pre\u010do pr\u00e1ve cez t\u00fd\u017ede\u0148<\/strong><\/h4>\n\n\n\n<p>Za posledn\u00e9 roky prudko vzrast\u00e1 z\u00e1ujem o&nbsp;aktivity v pr\u00edrode, \u010domu sa niet \u010dudova\u0165. Ferraty a lezenie s\u00fa aktivity, ktor\u00e9 rozv\u00edjaj\u00fa telo i&nbsp;ducha. Cez v\u00edkendy a sviatky b\u00fdvaj\u00fa lezeck\u00e9 oblasti (vr\u00e1tane ferr\u00e1t) \u010doraz viac preplnen\u00e9 nad\u0161encami tohto \u0161portu. Na ferrat\u00e1ch sa tvoria doslova kol\u00f3ny \u013eud\u00ed. Lezenie v preplnen\u00fdch skaln\u00fdch oblastiach nie je to prav\u00e9 orechov\u00e9. \u010c\u00edm viac \u013eud\u00ed, t\u00fdm v\u00e4\u010d\u0161ie riziko \u00farazu.<\/p>\n\n\n\n<p>Z\u00e1\u017eitok z&nbsp;aktiv\u00edt je \u010faleko kraj\u0161\u00ed, pokia\u013e sme v&nbsp;danej oblasti sami. \u010clovek si viac vychutn\u00e1 divokos\u0165 pr\u00edrody, v\u00fdh\u013eady, ke\u010f ho netla\u010d\u00ed z\u00e1stup \u013eud\u00ed \u010dakaj\u00facich v&nbsp;rade za n\u00edm. Rozhodli sme sa preto tento rok organizova\u0165 na\u0161e v\u00fdjazdy, akcie a kurzy mimo v\u00edkendov a&nbsp;sviatkov. Doprajeme v\u00e1m tak v\u00e4\u010d\u0161\u00ed z\u00e1\u017eitok z na\u0161ich dobrodru\u017estiev\u2026<\/p>\n\n\n\n<blockquote class=\"wp-block-quote\">\n<p><strong>Ferrata je<\/strong> vo v\u0161eobecnosti <em>zaisten\u00e1 cesta v n\u00e1ro\u010dnom horskom ter\u00e9ne, ktor\u00e1 je vybaven\u00e1 istiacimi fixn\u00fdmi lanami, \u017eelezn\u00fdmi st\u00fapa\u010dkami pr\u00edpadne \u010fal\u0161\u00edmi umel\u00fdmi pom\u00f4ckami, ktor\u00fdch cie\u013eom je zv\u00fd\u0161enie bezpe\u010dnosti prech\u00e1dzaj\u00facich os\u00f4b a spr\u00edstupnenie \u0165a\u017e\u0161ieho ter\u00e9nu n\u00e1v\u0161tevn\u00edkom, ktor\u00ed nemaj\u00fa sk\u00fasenosti s n\u00e1ro\u010dn\u00fdmi horolezeck\u00fdmi v\u00fdstupmi.<\/em><\/p>\n<\/blockquote>\n\n\n\n<h4 class=\"wp-block-heading\"><strong>Je t\u00e1to akcia vhodn\u00e1 aj pre m\u0148a? Ak sp\u013a\u0148a\u0161 nasleduj\u00face po\u017eiadavky, tak \u00e1no<\/strong> <\/h4>\n\n\n\n<ul>\n<li>v\u00e1\u017ei\u0161 od 40 kg do 100 kg;<\/li>\n\n\n\n<li>zvl\u00e1dne\u0161 v s\u00fa\u010dasnosti nen\u00e1ro\u010dn\u00fa turistiku v trvan\u00ed p\u00e1r hod\u00edn;<\/li>\n\n\n\n<li>chce\u0161 si vysk\u00fa\u0161a\u0165 nie\u010do nov\u00e9;<\/li>\n\n\n\n<li>chce\u0161 sa dozvedie\u0165 a nau\u010di\u0165 sa z\u00e1kladom bezpe\u010dnosti a metodiky na ferrat\u00e1ch;<\/li>\n<\/ul>\n\n\n\n<h4 class=\"wp-block-heading\"><strong>Potrebn\u00e9 vybavenie<\/strong>:<\/h4>\n\n\n\n<ul>\n<li>celotelov\u00fd alebo kombinovan\u00fd lezeck\u00fd \u00fav\u00e4z \u2013 vieme po\u017ei\u010da\u0165;<\/li>\n\n\n\n<li>ferratov\u00fd set \u2013 vieme po\u017ei\u010da\u0165;<\/li>\n\n\n\n<li>prilba \u2013 vieme po\u017ei\u010da\u0165;<\/li>\n\n\n\n<li>rukavice \u2013 tenk\u00e9 (cyklistick\u00e9, ferratov\u00e9, pracovn\u00e9\u2026)<\/li>\n\n\n\n<li>pevn\u00e1 obuv;<\/li>\n\n\n\n<li>opa\u013eovac\u00ed kr\u00e9m s&nbsp;vy\u0161\u0161\u00edm ochrann\u00fdm faktorom;<\/li>\n\n\n\n<li>slne\u010dn\u00e9 okuliare;<\/li>\n\n\n\n<li>dostatok pitnej vody (pred n\u00e1stupom na ferratu je pitn\u00fd prame\u0148, m\u00f4\u017ee by\u0165 vyschnut\u00fd);<\/li>\n\n\n\n<li>dostatok stravy na cel\u00fd de\u0148 v&nbsp;ter\u00e9ne;<\/li>\n\n\n\n<li>primeran\u00e9 oble\u010denie pre pohyb v horskom ter\u00e9ne (bunda proti da\u017e\u010fu, zateplovacia vrstva\u2026)<\/li>\n\n\n\n<li>poistenie (vlastn\u00e9)<\/li>\n<\/ul>\n\n\n\n<h4 class=\"wp-block-heading\"><strong>Program (orienta\u010dn\u00fd)*:<\/strong><\/h4>\n\n\n\n<ul>\n<li>7.00 odchod z Bratislavy (cesta trv\u00e1 cca 2 hod.);<\/li>\n\n\n\n<li>n\u00e1stup na ferratu: cca 1,5 \u2013 2 hod.;<\/li>\n\n\n\n<li>po pr\u00edchode pod ferratu: metodick\u00e9 okienko;<\/li>\n\n\n\n<li>prejdenie samotnej ferraty trv\u00e1 cca 2 hod.;<\/li>\n\n\n\n<li>po prejden\u00ed ferraty sa dostaneme a\u017e na vrchol Preiner Wand (1783 m.n.m.);<\/li>\n\n\n\n<li>na zostupovej trase sa nach\u00e1dza aj horsk\u00e1 chata, kde je mo\u017enos\u0165 ob\u010derstvenia;<\/li>\n\n\n\n<li>samotn\u00fd zostup trv\u00e1 cca 2 hod.;<\/li>\n\n\n\n<li>cca 17.00 n\u00e1vrat do Bratislavy;<\/li>\n\n\n\n<li>* program a miesto konania m\u00f4\u017ee v\u00fdrazne ovplyvni\u0165 po\u010dasie;<\/li>\n<\/ul>\n\n\n<div  class=\"tribe-block tribe-block__event-price\" >\n\t\t\t<span class=\"tribe-block__event-price__cost\"> 80\u20ac <\/span>\n\t\t\t\t<span class=\"tribe-block__event-price__description\">Cena s DPH<\/span>\n\t<\/div>\n\n\n<div  class=\"tribe-block tribe-block__organizer__details tribe-clearfix\" >\n\t<div class=\"tribe-block__organizer__title\">\n\t\t<h3>Peter Ja\u0161ko<\/h3>\n\t<\/div>\n\t\t\t<p class=\"tribe-block__organizer__phone\">+421905582473<\/p>\n\t\t\t\t<p class=\"tribe-block__organizer__website\"><a href=\"http:\/\/www.jaskobus.sk\" target=\"_self\" rel=\"external\">View Organiz\u00e1tor Website<\/a><\/p>\n\t\t\t\t<p class=\"tribe-block__organizer__email\">&#112;et&#101;&#114;.&#106;&#097;sk&#111;&#064;&#108;p&#106;&#046;&#115;&#107;<\/p>\n\t<\/div>\n\n\n<div  class=\"tribe-block tribe-block__venue tribe-clearfix tribe-block__venue--has-map\" >\n\t\n\t\t\n\t<\/div>\n\n\n<div  class=\"tribe-block tribe-block__event-website\" >\n\t<a\n\t\thref=\"https:\/\/coloursofclimbing.sk\/2023\/06\/19\/ferraty-v-rakusku-bezpecne-a-s-dozorom\/\"\n\t\ttarget=\"_self\"\n\t\t\t>\n\t\tPrida\u0165 text tla\u010didla\t<\/a>\n<\/div>\n\n\n\t<div  class=\"tribe-block tribe-block__events-link\" >\n\t\t<div class=\"tribe-events tribe-common\">\n\t\t\t<div class=\"tribe-events-c-subscribe-dropdown__container\">\n\t\t\t\t<div class=\"tribe-events-c-subscribe-dropdown\">\n\t\t\t\t\t<div class=\"tribe-common-c-btn-border tribe-events-c-subscribe-dropdown__button\">\n\t\t\t\t\t\t<svg  class=\"tribe-common-c-svgicon tribe-common-c-svgicon--cal-export tribe-events-c-subscribe-dropdown__export-icon\"  viewBox=\"0 0 23 17\" xmlns=\"http:\/\/www.w3.org\/2000\/svg\">\n  <path fill-rule=\"evenodd\" clip-rule=\"evenodd\" d=\"M.128.896V16.13c0 .211.145.383.323.383h15.354c.179 0 .323-.172.323-.383V.896c0-.212-.144-.383-.323-.383H.451C.273.513.128.684.128.896Zm16 6.742h-.901V4.679H1.009v10.729h14.218v-3.336h.901V7.638ZM1.01 1.614h14.218v2.058H1.009V1.614Z\" \/>\n  <path d=\"M20.5 9.846H8.312M18.524 6.953l2.89 2.909-2.855 2.855\" stroke-width=\"1.2\" stroke-linecap=\"round\" stroke-linejoin=\"round\"\/>\n<\/svg>\n\t\t\t\t\t\t<button\n\t\t\t\t\t\t\tclass=\"tribe-events-c-subscribe-dropdown__button-text\"\n\t\t\t\t\t\t\taria-expanded=\"false\"\n\t\t\t\t\t\t\taria-controls=\"tribe-events-subscribe-dropdown-content\"\n\t\t\t\t\t\t\taria-label=\"\"\n\t\t\t\t\t\t>\n\t\t\t\t\t\t\tPrida\u0165 do kalend\u00e1ra\t\t\t\t\t\t<\/button>\n\t\t\t\t\t\t<svg  class=\"tribe-common-c-svgicon tribe-common-c-svgicon--caret-down tribe-events-c-subscribe-dropdown__button-icon\"  viewBox=\"0 0 10 7\" xmlns=\"http:\/\/www.w3.org\/2000\/svg\"><path fill-rule=\"evenodd\" clip-rule=\"evenodd\" d=\"M1.008.609L5 4.6 8.992.61l.958.958L5 6.517.05 1.566l.958-.958z\" class=\"tribe-common-c-svgicon__svg-fill\"\/><\/svg>\n\t\t\t\t\t<\/div>\n\t\t\t\t\t<div id=\"tribe-events-subscribe-dropdown-content\" class=\"tribe-events-c-subscribe-dropdown__content\">\n\t\t\t\t\t\t<ul class=\"tribe-events-c-subscribe-dropdown__list\">\n\t\t\t\t\t\t\t\t\t\t\t\t\t\t\t<li class=\"tribe-events-c-subscribe-dropdown__list-item\">\n\t\t\t\t\t\t\t\t\t<a\n\t\t\t\t\t\t\t\t\t\thref=\"https:\/\/www.google.com\/calendar\/event?action=TEMPLATE&#038;dates=20230817T070000\/20230817T170000&#038;text=FERRATA%20%26%238211%3B%20Hans%20von%20Haig%20Steig&#038;details=%3C%21--+wp%3Atribe%2Fevent-datetime+%2F--%3E%3C%21--+wp%3Aheading+%7B%22level%22%3A4%7D+--%3E%3Ch4%3E%3Cstrong%3EO+akcii+a+pre%C4%8Do+pr%C3%A1ve+cez+t%C3%BD%C5%BEde%C5%88%3C%2Fstrong%3E%3C%2Fh4%3E%3C%21--+%2Fwp%3Aheading+--%3E%3C%21--+wp%3Aparagraph+--%3E%3Cp%3EZa+posledn%C3%A9+roky+prudko+vzrast%C3%A1+z%C3%A1ujem+o%26nbsp%3Baktivity+v+pr%C3%ADrode%2C+%C4%8Domu+sa+niet+%C4%8Dudova%C5%A5.+Ferraty+a+lezenie+s%C3%BA+aktivity%2C+ktor%C3%A9+rozv%C3%ADjaj%C3%BA+telo+i%26nbsp%3Bducha.+Cez+v%C3%ADkendy+a+sviatky+b%C3%BDvaj%C3%BA+lezeck%C3%A9+oblasti+%28vr%C3%A1tane+ferr%C3%A1t%29+%C4%8Doraz+viac+preplnen%C3%A9+nad%C5%A1encami+tohto+%C5%A1portu.+Na+ferrat%C3%A1ch+sa+tvoria+doslova+kol%C3%B3ny+%C4%BEud%C3%AD.+Lezenie+v+preplnen%C3%BDch+skaln%C3%BDch+oblastiach+nie+je+to+prav%C3%A9+orechov%C3%A9.+%C4%8C%C3%ADm+viac+%C4%BEud%C3%AD%2C+t%C3%BDm+v%C3%A4%C4%8D%C5%A1ie+riziko+%C3%BArazu.%3C%2Fp%3E%3C%21--+%2Fwp%3Aparagraph+--%3E%3C%21--+wp%3Aparagraph+--%3E%3Cp%3EZ%20(View%20Full%20udalos\u0165%20Description%20Here:%20https:\/\/jaskobus.sk\/?tribe_events=ferrata-hans-von-haig-steig)&#038;trp=false&#038;ctz=UTC+1&#038;sprop=website:https:\/\/jaskobus.sk\"\n\t\t\t\t\t\t\t\t\t\tclass=\"tribe-events-c-subscribe-dropdown__list-item-link\"\n\t\t\t\t\t\t\t\t\t\ttarget=\"_blank\"\n\t\t\t\t\t\t\t\t\t\trel=\"noopener noreferrer nofollow noindex\"\n\t\t\t\t\t\t\t\t\t>\n\t\t\t\t\t\t\t\t\t\tGoogle Calendar\t\t\t\t\t\t\t\t\t<\/a>\n\t\t\t\t\t\t\t\t<\/li>\n\t\t\t\t\t\t\t\t\t\t\t\t\t\t\t<li class=\"tribe-events-c-subscribe-dropdown__list-item\">\n\t\t\t\t\t\t\t\t\t<a\n\t\t\t\t\t\t\t\t\t\thref=\"\"\n\t\t\t\t\t\t\t\t\t\tclass=\"tribe-events-c-subscribe-dropdown__list-item-link\"\n\t\t\t\t\t\t\t\t\t\ttarget=\"_blank\"\n\t\t\t\t\t\t\t\t\t\trel=\"noopener noreferrer nofollow noindex\"\n\t\t\t\t\t\t\t\t\t>\n\t\t\t\t\t\t\t\t\t\tiCalendar\t\t\t\t\t\t\t\t\t<\/a>\n\t\t\t\t\t\t\t\t<\/li>\n\t\t\t\t\t\t\t\t\t\t\t\t\t\t\t<li class=\"tribe-events-c-subscribe-dropdown__list-item\">\n\t\t\t\t\t\t\t\t\t<a\n\t\t\t\t\t\t\t\t\t\thref=\"\"\n\t\t\t\t\t\t\t\t\t\tclass=\"tribe-events-c-subscribe-dropdown__list-item-link\"\n\t\t\t\t\t\t\t\t\t\ttarget=\"_blank\"\n\t\t\t\t\t\t\t\t\t\trel=\"noopener noreferrer nofollow noindex\"\n\t\t\t\t\t\t\t\t\t>\n\t\t\t\t\t\t\t\t\t\tOutlook 365\t\t\t\t\t\t\t\t\t<\/a>\n\t\t\t\t\t\t\t\t<\/li>\n\t\t\t\t\t\t\t\t\t\t\t\t\t\t\t<li class=\"tribe-events-c-subscribe-dropdown__list-item\">\n\t\t\t\t\t\t\t\t\t<a\n\t\t\t\t\t\t\t\t\t\thref=\"\"\n\t\t\t\t\t\t\t\t\t\tclass=\"tribe-events-c-subscribe-dropdown__list-item-link\"\n\t\t\t\t\t\t\t\t\t\ttarget=\"_blank\"\n\t\t\t\t\t\t\t\t\t\trel=\"noopener noreferrer nofollow noindex\"\n\t\t\t\t\t\t\t\t\t>\n\t\t\t\t\t\t\t\t\t\tOutlook Live\t\t\t\t\t\t\t\t\t<\/a>\n\t\t\t\t\t\t\t\t<\/li>\n\t\t\t\t\t\t\t\t\t\t\t\t\t<\/ul>\n\t\t\t\t\t<\/div>\n\t\t\t\t<\/div>\n\t\t\t<\/div>\n\t\t<\/div>\n\t<\/div>\n\n\n\n\n\n","protected":false},"excerpt":{"rendered":"<p>O akcii a pre\u010do pr\u00e1ve cez t\u00fd\u017ede\u0148 Za posledn\u00e9 roky prudko vzrast\u00e1 z\u00e1ujem o&nbsp;aktivity v pr\u00edrode, \u010domu sa niet \u010dudova\u0165. Ferraty a lezenie s\u00fa aktivity, ktor\u00e9 rozv\u00edjaj\u00fa telo i&nbsp;ducha. Cez v\u00edkendy a sviatky b\u00fdvaj\u00fa lezeck\u00e9 oblasti (vr\u00e1tane ferr\u00e1t) \u010doraz viac &hellip; <a href=\"https:\/\/jaskobus.sk\/?tribe_events=ferrata-hans-von-haig-steig\">Continued<\/a><\/p>\n","protected":false},"author":2,"featured_media":1813,"comment_status":"open","ping_status":"closed","template":"","meta":{"kt_blocks_editor_width":"","_price":"","_stock":"","_tribe_ticket_header":"","_tribe_default_ticket_provider":"","_tribe_ticket_capacity":"","_ticket_start_date":"","_ticket_end_date":"","_tribe_ticket_show_description":"","_tribe_ticket_show_not_going":false,"_tribe_ticket_use_global_stock":"","_tribe_ticket_global_stock_level":"","_global_stock_mode":"","_global_stock_cap":"","_tribe_rsvp_for_event":"","_tribe_ticket_going_count":"","_tribe_ticket_not_going_count":"","_tribe_tickets_list":[],"_tribe_ticket_has_attendee_info_fields":false,"_EventAllDay":false,"_EventTimezone":"UTC+1","_EventStartDate":"2023-08-17 07:00:00","_EventEndDate":"2023-08-17 17:00:00","_EventStartDateUTC":"2023-08-17 05:00:00","_EventEndDateUTC":"2023-08-17 15:00:00","_EventShowMap":true,"_EventShowMapLink":true,"_EventURL":"https:\/\/coloursofclimbing.sk\/2023\/06\/19\/ferraty-v-rakusku-bezpecne-a-s-dozorom\/","_EventCost":"80","_EventCostDescription":"","_EventCurrencySymbol":"\u20ac","_EventCurrencyCode":"EUR","_EventCurrencyPosition":"suffix","_EventDateTimeSeparator":" @ ","_EventTimeRangeSeparator":" - ","_EventOrganizerID":[1812],"_EventVenueID":[0],"_OrganizerEmail":"","_OrganizerPhone":"","_OrganizerWebsite":"","_VenueAddress":"","_VenueCity":"","_VenueCountry":"","_VenueProvince":"","_VenueState":"","_VenueZip":"","_VenuePhone":"","_VenueURL":"","_VenueStateProvince":"","_VenueLat":"","_VenueLng":"","_VenueShowMap":false,"_VenueShowMapLink":false,"_tribe_events_status":"","_tribe_events_status_reason":""},"tags":[66,67,68,46],"tribe_events_cat":[54],"ticketed":false,"_links":{"self":[{"href":"https:\/\/jaskobus.sk\/index.php?rest_route=\/wp\/v2\/tribe_events\/1811"}],"collection":[{"href":"https:\/\/jaskobus.sk\/index.php?rest_route=\/wp\/v2\/tribe_events"}],"about":[{"href":"https:\/\/jaskobus.sk\/index.php?rest_route=\/wp\/v2\/types\/tribe_events"}],"author":[{"embeddable":true,"href":"https:\/\/jaskobus.sk\/index.php?rest_route=\/wp\/v2\/users\/2"}],"replies":[{"embeddable":true,"href":"https:\/\/jaskobus.sk\/index.php?rest_route=%2Fwp%2Fv2%2Fcomments&post=1811"}],"version-history":[{"count":2,"href":"https:\/\/jaskobus.sk\/index.php?rest_route=\/wp\/v2\/tribe_events\/1811\/revisions"}],"predecessor-version":[{"id":1817,"href":"https:\/\/jaskobus.sk\/index.php?rest_route=\/wp\/v2\/tribe_events\/1811\/revisions\/1817"}],"wp:featuredmedia":[{"embeddable":true,"href":"https:\/\/jaskobus.sk\/index.php?rest_route=\/wp\/v2\/media\/1813"}],"wp:attachment":[{"href":"https:\/\/jaskobus.sk\/index.php?rest_route=%2Fwp%2Fv2%2Fmedia&parent=1811"}],"wp:term":[{"taxonomy":"post_tag","embeddable":true,"href":"https:\/\/jaskobus.sk\/index.php?rest_route=%2Fwp%2Fv2%2Ftags&post=1811"},{"taxonomy":"tribe_events_cat","embeddable":true,"href":"https:\/\/jaskobus.sk\/index.php?rest_route=%2Fwp%2Fv2%2Ftribe_events_cat&post=1811"}],"curies":[{"name":"wp","href":"https:\/\/api.w.org\/{rel}","templated":true}]}}